{"id":2145,"date":"2023-08-03T21:00:47","date_gmt":"2023-08-03T19:00:47","guid":{"rendered":"https:\/\/22media.sk\/referencia\/cyberjump\/"},"modified":"2024-02-09T15:51:44","modified_gmt":"2024-02-09T14:51:44","slug":"cyberjump","status":"publish","type":"referencia","link":"https:\/\/22media.sk\/hu\/referencia\/cyberjump\/","title":{"rendered":"Cyberjump"},"content":{"rendered":"\t\t<div data-elementor-type=\"wp-post\" data-elementor-id=\"2145\" class=\"elementor elementor-2145 elementor-163\" data-elementor-post-type=\"referencia\">\n\t\t\t\t<div class=\"elementor-element elementor-element-3da55a0 e-flex e-con-boxed e-con e-parent\" data-id=\"3da55a0\" data-element_type=\"container\" data-e-type=\"container\" data-settings=\"{&quot;background_background&quot;:&quot;classic&quot;}\">\n\t\t\t\t\t<div class=\"e-con-inner\">\n\t\t\t\t<div class=\"elementor-element elementor-element-6efc7c0 elementor-widget-mobile__width-inherit elementor-widget elementor-widget-heading\" data-id=\"6efc7c0\" data-element_type=\"widget\" data-e-type=\"widget\" data-widget_type=\"heading.default\">\n\t\t\t\t\t<h2 class=\"elementor-heading-title elementor-size-default\">Cyberjump<\/h2>\t\t\t\t<\/div>\n\t\t\t\t<div class=\"elementor-element elementor-element-8dcb7bb elementor-widget__width-initial elementor-widget elementor-widget-text-editor\" data-id=\"8dcb7bb\" data-element_type=\"widget\" data-e-type=\"widget\" data-widget_type=\"text-editor.default\">\n\t\t\t\t\t\t\t\t\t<p>Egy \u00faj piacra t\u00f6rt\u00e9n\u0151 bel\u00e9p\u00e9s mindig \u00faj kih\u00edv\u00e1sokat tartogat. A CyberJump-n\u00e1l ezt egy nem v\u00e1rt t\u00e9nyez\u0151 s\u00falyosb\u00edtotta, hiszen a pozsonyi park tervezett megnyit\u00e1sa egybeesett a koronav\u00edrus j\u00e1rv\u00e1ny bet\u00f6r\u00e9s\u00e9vel \u00e9s az \u00e1ltala bevezetett korl\u00e1toz\u00e1sokkal. A feladat embert pr\u00f3b\u00e1l\u00f3 volt: hogy tudunk kell\u0151k\u00e9pp n\u00e9pszer\u0171s\u00edteni egy olyan \u00faj trambulinparkot, ami z\u00e1rva van? A kezdeti bizonytalans\u00e1g elt\u0171n\u00e9s\u00e9vel \u00e9s a korl\u00e1toz\u00e1sok felold\u00e1s\u00e1val kezdet\u00e9t vehette azt\u00e1n a munka oroszl\u00e1nr\u00e9sze.  <\/p>\n\t\t\t\t\t\t\t\t<\/div>\n\t\t\t\t\t<\/div>\n\t\t\t\t<\/div>\n\t\t<div class=\"elementor-element elementor-element-6a3a231 e-flex e-con-boxed e-con e-parent\" data-id=\"6a3a231\" data-element_type=\"container\" data-e-type=\"container\" data-settings=\"{&quot;background_background&quot;:&quot;classic&quot;}\">\n\t\t\t\t\t<div class=\"e-con-inner\">\n\t\t\t\t<div class=\"elementor-element elementor-element-8bcf71e elementor-widget-mobile__width-inherit elementor-widget elementor-widget-heading\" data-id=\"8bcf71e\" data-element_type=\"widget\" data-e-type=\"widget\" data-widget_type=\"heading.default\">\n\t\t\t\t\t<h2 class=\"elementor-heading-title elementor-size-default\">Szembesz\u00e1llva a TikTok kih\u00edv\u00e1saival<\/h2>\t\t\t\t<\/div>\n\t\t\t\t<div class=\"elementor-element elementor-element-3d0b29b elementor-widget__width-initial elementor-widget-mobile__width-inherit elementor-widget elementor-widget-text-editor\" data-id=\"3d0b29b\" data-element_type=\"widget\" data-e-type=\"widget\" data-widget_type=\"text-editor.default\">\n\t\t\t\t\t\t\t\t\t<p>A TikTok 2016-ban kezdte meg vil\u00e1gh\u00f3d\u00edt\u00f3 \u00fatj\u00e1t. Az applik\u00e1ci\u00f3 n\u00e9pszer\u0171s\u00e9ge hatalmas l\u00e9pt\u00e9kben n\u00f6vekedett, els\u0151sorban a kamaszkor\u00faak k\u00f6z\u00f6tt, manaps\u00e1g pedig havi szinten m\u00e1r t\u00f6bb mint 1 milli\u00e1rd akt\u00edv felhaszn\u00e1l\u00f3ja van. Hab\u00e1r Szlov\u00e1ki\u00e1ban 2019-t\u0151l kezdett el egyre nagyobb ismerts\u00e9get szerezni, a szlov\u00e1k fi\u00f3koknak a mai napig nincs lehet\u0151s\u00e9g\u00fck hirdet\u00e9seket l\u00e9trehozni. Koll\u00e9g\u00e1ink \u00edgy k\u00e9nytelenek voltak teljes m\u00e9rt\u00e9kben az organikus tartalmakra t\u00e1maszkodni, melyhez n\u00e9lk\u00fcl\u00f6zhetetlen volt a TikTok trendjeinek \u00e9s lehet\u0151s\u00e9geinek \u00e1tfog\u00f3 ismerete. Munk\u00e1nk eredm\u00e9nyek\u00e9nt legn\u00e9pszer\u0171bb tartalmaink milli\u00f3s n\u00e9zetts\u00e9get produk\u00e1ltak.   <\/p>\n\t\t\t\t\t\t\t\t<\/div>\n\t\t\t\t\t<\/div>\n\t\t\t\t<\/div>\n\t\t<div class=\"elementor-element elementor-element-d72bea8 e-con-full e-flex e-con e-parent\" data-id=\"d72bea8\" data-element_type=\"container\" data-e-type=\"container\" data-settings=\"{&quot;background_background&quot;:&quot;classic&quot;}\">\n\t\t\t\t<div class=\"elementor-element elementor-element-dc364fb elementor-widget elementor-widget-image\" data-id=\"dc364fb\" data-element_type=\"widget\" data-e-type=\"widget\" data-widget_type=\"image.default\">\n\t\t\t\t\t\t\t\t\t\t\t\t\t\t\t<img fetchpriority=\"high\" decoding=\"async\" width=\"1920\" height=\"1343\" src=\"https:\/\/22media.sk\/wp-content\/uploads\/2023\/08\/cyberjump_ref_instagram-1.webp\" class=\"attachment-full size-full wp-image-1960\" alt=\"\" srcset=\"https:\/\/22media.sk\/wp-content\/uploads\/2023\/08\/cyberjump_ref_instagram-1.webp 1920w, https:\/\/22media.sk\/wp-content\/uploads\/2023\/08\/cyberjump_ref_instagram-1-300x210.webp 300w, https:\/\/22media.sk\/wp-content\/uploads\/2023\/08\/cyberjump_ref_instagram-1-1024x716.webp 1024w, https:\/\/22media.sk\/wp-content\/uploads\/2023\/08\/cyberjump_ref_instagram-1-768x537.webp 768w, https:\/\/22media.sk\/wp-content\/uploads\/2023\/08\/cyberjump_ref_instagram-1-1536x1074.webp 1536w\" sizes=\"(max-width: 1920px) 100vw, 1920px\" \/>\t\t\t\t\t\t\t\t\t\t\t\t\t\t\t<\/div>\n\t\t\t\t<\/div>\n\t\t<div class=\"elementor-element elementor-element-4997822 e-flex e-con-boxed e-con e-parent\" data-id=\"4997822\" data-element_type=\"container\" data-e-type=\"container\" data-settings=\"{&quot;background_background&quot;:&quot;classic&quot;}\">\n\t\t\t\t\t<div class=\"e-con-inner\">\n\t\t<div class=\"elementor-element elementor-element-1736f83 e-con-full e-flex e-con e-child\" data-id=\"1736f83\" data-element_type=\"container\" data-e-type=\"container\">\n\t\t\t\t<div class=\"elementor-element elementor-element-c3ee153 elementor-widget elementor-widget-heading\" data-id=\"c3ee153\" data-element_type=\"widget\" data-e-type=\"widget\" data-widget_type=\"heading.default\">\n\t\t\t\t\t<h2 class=\"elementor-heading-title elementor-size-default\">A jelen v\u00e9lem\u00e9nyform\u00e1l\u00f3i: az influencerek<\/h2>\t\t\t\t<\/div>\n\t\t\t\t<div class=\"elementor-element elementor-element-4ca6a33 elementor-widget__width-initial elementor-widget-mobile__width-inherit elementor-widget elementor-widget-text-editor\" data-id=\"4ca6a33\" data-element_type=\"widget\" data-e-type=\"widget\" data-widget_type=\"text-editor.default\">\n\t\t\t\t\t\t\t\t\t<p>A TikTok-ra \u00e9s az Instagram-ra val\u00f3 t\u00e1maszkod\u00e1s automatikusan vezetett el minket a 2020-as \u00e9vek m\u00e1sik kiemelked\u0151 marketing csatorn\u00e1j\u00e1hoz, az influencerekhez. A k\u00fcl\u00f6nb\u00f6z\u0151 csatorn\u00e1kon sz\u00e1mos, k\u00f6lcs\u00f6n\u00f6sen j\u00f6vedelmez\u0151 egy\u00fcttm\u0171k\u00f6d\u00e9seket k\u00f6t\u00f6tt\u00fcnk olyan influencerekkel, mint asimister, expl0ited, jancucik, vagy a n\u00e9pszer\u0171 szlov\u00e1k m\u0171sorvezet\u0151, Lenka \u0160\u00f3o\u0161ov\u00e1.  <\/p>\n\t\t\t\t\t\t\t\t<\/div>\n\t\t\t\t<\/div>\n\t\t<div class=\"elementor-element elementor-element-ca11ee8 e-con-full e-flex e-con e-child\" data-id=\"ca11ee8\" data-element_type=\"container\" data-e-type=\"container\" data-settings=\"{&quot;background_background&quot;:&quot;classic&quot;}\">\n\t\t\t\t<div class=\"elementor-element elementor-element-c3bcfc8 elementor-widget__width-auto elementor-widget elementor-widget-image\" data-id=\"c3bcfc8\" data-element_type=\"widget\" data-e-type=\"widget\" data-widget_type=\"image.default\">\n\t\t\t\t\t\t\t\t\t\t\t\t\t\t\t<img decoding=\"async\" width=\"865\" height=\"1458\" src=\"https:\/\/22media.sk\/wp-content\/uploads\/2023\/08\/influence_cyber-1.webp\" class=\"attachment-full size-full wp-image-1961\" alt=\"\" srcset=\"https:\/\/22media.sk\/wp-content\/uploads\/2023\/08\/influence_cyber-1.webp 865w, https:\/\/22media.sk\/wp-content\/uploads\/2023\/08\/influence_cyber-1-178x300.webp 178w, https:\/\/22media.sk\/wp-content\/uploads\/2023\/08\/influence_cyber-1-608x1024.webp 608w, https:\/\/22media.sk\/wp-content\/uploads\/2023\/08\/influence_cyber-1-768x1295.webp 768w\" sizes=\"(max-width: 865px) 100vw, 865px\" \/>\t\t\t\t\t\t\t\t\t\t\t\t\t\t\t<\/div>\n\t\t\t\t<\/div>\n\t\t\t\t\t<\/div>\n\t\t\t\t<\/div>\n\t\t<div class=\"elementor-element elementor-element-062fda3 e-con-full e-flex e-con e-parent\" data-id=\"062fda3\" data-element_type=\"container\" data-e-type=\"container\">\n\t\t\t\t<div class=\"elementor-element elementor-element-0b0601b elementor-widget elementor-widget-gallery\" data-id=\"0b0601b\" data-element_type=\"widget\" data-e-type=\"widget\" data-settings=\"{&quot;columns&quot;:2,&quot;gap&quot;:{&quot;unit&quot;:&quot;px&quot;,&quot;size&quot;:0,&quot;sizes&quot;:[]},&quot;gap_mobile&quot;:{&quot;unit&quot;:&quot;px&quot;,&quot;size&quot;:0,&quot;sizes&quot;:[]},&quot;lazyload&quot;:&quot;yes&quot;,&quot;gallery_layout&quot;:&quot;grid&quot;,&quot;columns_tablet&quot;:2,&quot;columns_mobile&quot;:1,&quot;gap_laptop&quot;:{&quot;unit&quot;:&quot;px&quot;,&quot;size&quot;:10,&quot;sizes&quot;:[]},&quot;gap_tablet&quot;:{&quot;unit&quot;:&quot;px&quot;,&quot;size&quot;:10,&quot;sizes&quot;:[]},&quot;link_to&quot;:&quot;file&quot;,&quot;aspect_ratio&quot;:&quot;3:2&quot;,&quot;overlay_background&quot;:&quot;yes&quot;,&quot;content_hover_animation&quot;:&quot;fade-in&quot;}\" data-widget_type=\"gallery.default\">\n\t\t\t\t\t\t\t<div class=\"elementor-gallery__container\">\n\t\t\t\t\t\t\t<a class=\"e-gallery-item elementor-gallery-item elementor-animated-content\" href=\"https:\/\/22media.sk\/wp-content\/uploads\/2023\/08\/cyberjump_vipcard_mockup-1.webp\" data-elementor-open-lightbox=\"yes\" data-elementor-lightbox-slideshow=\"0b0601b\" data-elementor-lightbox-title=\"cyberjump_vipcard_mockup 1\" data-e-action-hash=\"#elementor-action%3Aaction%3Dlightbox%26settings%3DeyJpZCI6MTk2MywidXJsIjoiaHR0cHM6XC9cLzIybWVkaWEuc2tcL3dwLWNvbnRlbnRcL3VwbG9hZHNcLzIwMjNcLzA4XC9jeWJlcmp1bXBfdmlwY2FyZF9tb2NrdXAtMS53ZWJwIiwic2xpZGVzaG93IjoiMGIwNjAxYiJ9\">\n\t\t\t\t\t<div class=\"e-gallery-image elementor-gallery-item__image\" data-thumbnail=\"https:\/\/22media.sk\/wp-content\/uploads\/2023\/08\/cyberjump_vipcard_mockup-1-768x695.webp\" data-width=\"768\" data-height=\"695\" aria-label=\"\" role=\"img\" ><\/div>\n\t\t\t\t\t\t\t\t\t\t\t<div class=\"elementor-gallery-item__overlay\"><\/div>\n\t\t\t\t\t\t\t\t\t\t\t\t\t\t<\/a>\n\t\t\t\t\t\t\t<a class=\"e-gallery-item elementor-gallery-item elementor-animated-content\" href=\"https:\/\/22media.sk\/wp-content\/uploads\/2023\/08\/cyberjump_poukazka_mockup-1.webp\" data-elementor-open-lightbox=\"yes\" data-elementor-lightbox-slideshow=\"0b0601b\" data-elementor-lightbox-title=\"cyberjump_poukazka_mockup 1\" data-e-action-hash=\"#elementor-action%3Aaction%3Dlightbox%26settings%3DeyJpZCI6MTk2MiwidXJsIjoiaHR0cHM6XC9cLzIybWVkaWEuc2tcL3dwLWNvbnRlbnRcL3VwbG9hZHNcLzIwMjNcLzA4XC9jeWJlcmp1bXBfcG91a2F6a2FfbW9ja3VwLTEud2VicCIsInNsaWRlc2hvdyI6IjBiMDYwMWIifQ%3D%3D\">\n\t\t\t\t\t<div class=\"e-gallery-image elementor-gallery-item__image\" data-thumbnail=\"https:\/\/22media.sk\/wp-content\/uploads\/2023\/08\/cyberjump_poukazka_mockup-1-768x616.webp\" data-width=\"768\" data-height=\"616\" aria-label=\"\" role=\"img\" ><\/div>\n\t\t\t\t\t\t\t\t\t\t\t<div class=\"elementor-gallery-item__overlay\"><\/div>\n\t\t\t\t\t\t\t\t\t\t\t\t\t\t<\/a>\n\t\t\t\t\t<\/div>\n\t\t\t\t\t<\/div>\n\t\t\t\t<\/div>\n\t\t\t\t<\/div>\n\t\t","protected":false},"excerpt":{"rendered":"<p>Egy \u00faj piacra t\u00f6rt\u00e9n\u0151 bel\u00e9p\u00e9s mindig \u00faj kih\u00edv\u00e1sokat tartogat. A CyberJump-n\u00e1l ezt egy nem v\u00e1rt t\u00e9nyez\u0151 s\u00falyosb\u00edtotta, hiszen a pozsonyi park tervezett megnyit\u00e1sa egybeesett a koronav\u00edrus j\u00e1rv\u00e1ny bet\u00f6r\u00e9s\u00e9vel \u00e9s az \u00e1ltala bevezetett korl\u00e1toz\u00e1sokkal. A feladat embert pr\u00f3b\u00e1l\u00f3 volt: hogy tudunk kell\u0151k\u00e9pp n\u00e9pszer\u0171s\u00edteni egy olyan \u00faj trambulinparkot, ami z\u00e1rva van? A kezdeti bizonytalans\u00e1g elt\u0171n\u00e9s\u00e9vel \u00e9s a korl\u00e1toz\u00e1sok felold\u00e1s\u00e1val kezdet\u00e9t vehette azt\u00e1n a munka oroszl\u00e1nr\u00e9sze.  <\/p>\n","protected":false},"featured_media":2494,"menu_order":6,"template":"elementor_theme","categories":[47],"tags":[53,48,61],"class_list":["post-2145","referencia","type-referencia","status-publish","has-post-thumbnail","hentry","category-fooldal","tag-ppc-hu","tag-social-media-hu","tag-tiktok-hu"],"acf":[],"_links":{"self":[{"href":"https:\/\/22media.sk\/hu\/wp-json\/wp\/v2\/referencia\/2145","targetHints":{"allow":["GET"]}}],"collection":[{"href":"https:\/\/22media.sk\/hu\/wp-json\/wp\/v2\/referencia"}],"about":[{"href":"https:\/\/22media.sk\/hu\/wp-json\/wp\/v2\/types\/referencia"}],"version-history":[{"count":0,"href":"https:\/\/22media.sk\/hu\/wp-json\/wp\/v2\/referencia\/2145\/revisions"}],"wp:featuredmedia":[{"embeddable":true,"href":"https:\/\/22media.sk\/hu\/wp-json\/wp\/v2\/media\/2494"}],"wp:attachment":[{"href":"https:\/\/22media.sk\/hu\/wp-json\/wp\/v2\/media?parent=2145"}],"wp:term":[{"taxonomy":"category","embeddable":true,"href":"https:\/\/22media.sk\/hu\/wp-json\/wp\/v2\/categories?post=2145"},{"taxonomy":"post_tag","embeddable":true,"href":"https:\/\/22media.sk\/hu\/wp-json\/wp\/v2\/tags?post=2145"}],"curies":[{"name":"wp","href":"https:\/\/api.w.org\/{rel}","templated":true}]}}