{"id":3346,"date":"2023-08-04T11:58:02","date_gmt":"2023-08-04T09:58:02","guid":{"rendered":"https:\/\/22media.sk\/?page_id=3346"},"modified":"2024-08-26T15:15:06","modified_gmt":"2024-08-26T13:15:06","slug":"adatvedelmi-nyilatkozat","status":"publish","type":"page","link":"https:\/\/22media.sk\/hu\/adatvedelmi-nyilatkozat\/","title":{"rendered":"Adatv\u00e9delmi nyilatkozat\u200b"},"content":{"rendered":"<h2><strong><u>A SZEM\u00c9LYES ADATOK V\u00c9DELM\u00c9RE \u00c9S A S\u00dcTIKRE VONATKOZ\u00d3 EL\u0150\u00cdR\u00c1SOK<\/u><\/strong><\/h2>\n<h3><strong>I.Bevezet\u00e9s<\/strong><\/h3>\n<p>A 22MEDIA s.r.o. (a tov\u00e1bbiakban: adatkezel\u0151) jelen Adatkezel\u00e9si t\u00e1j\u00e9koztat\u00f3 keret\u00e9n bel\u00fcl r\u00f6gz\u00edti az adatkezel\u00e9si elveket \u00e9s politik\u00e1t, melyet adatkezel\u0151k\u00e9nt a\u00a0t\u00e1rsas\u00e1g mag\u00e1ra n\u00e9zve k\u00f6telez\u0151 er\u0151vel ismer el.<\/p>\n<p>A\u00a0<a href=\"https:\/\/22media.sk\/hu\/\">https:\/\/22media.sk\/<\/a>\u00a0weboldalt m\u0171k\u00f6dtet\u0151 Adatkezel\u0151 az Adatkezel\u00e9si t\u00e1j\u00e9koztat\u00f3t az Eur\u00f3pai Parlament \u00e9s a\u00a0Tan\u00e1cs 2016\/679 Rendelete (\u00c1ltal\u00e1nos Adatv\u00e9delmi Rendelet vagy GDPR), az inform\u00e1ci\u00f3s \u00f6nrendelkez\u00e9si jogr\u00f3l \u00e9s az inform\u00e1ci\u00f3szabads\u00e1gr\u00f3l sz\u00f3l\u00f3 2011. \u00e9vi CXII. t\u00f6rv\u00e9ny (Infotv.), a\u00a0Polg\u00e1ri T\u00f6rv\u00e9nyk\u00f6nyvr\u0151l sz\u00f3l\u00f3 2013. \u00e9vi V. t\u00f6rv\u00e9ny (Ptk.), tov\u00e1bb\u00e1 a\u00a0gazdas\u00e1gi rekl\u00e1mtev\u00e9kenys\u00e9g alapvet\u0151 fel\u00e9teleir\u0151l \u00e9s egyes korl\u00e1tair\u00f3l sz\u00f3l\u00f3 2008. \u00e9vi XLVIII. t\u00f6rv\u00e9ny (Grtv.) szem el\u0151tt tart\u00e1s\u00e1val alak\u00edtotta ki.<\/p>\n<h3><strong>II.\u00a0<\/strong><strong>Adatkezel\u0151 \u00e9s el\u00e9rhet\u0151s\u00e9gek<\/strong><\/h3>\n<p>N\u00e9v: 22MEDIA s.r.o.<\/p>\n<p>I\u010cO: 44632436<\/p>\n<p>DI\u010c: 2022776602<\/p>\n<p>Sz\u00e9khely: Tr\u017eni\u010dn\u00e9 n\u00e1mestie 4810 945 01 Kom\u00e1rno<\/p>\n<p>el\u00e9rhet\u0151s\u00e9gek:<\/p>\n<p>Telefon:\u00a0<a href=\"tel:+421%20915%20799%20653\">+421 915 799\u00a0653<\/a><\/p>\n<h3><strong>III. Defin\u00edci\u00f3k<\/strong><\/h3>\n<ol>\n<li>\u201eszem\u00e9lyes adat\u201d: azonos\u00edtott vagy azonos\u00edthat\u00f3 term\u00e9szetes szem\u00e9lyre (\u201e\u00e9rintett\u201d) vonatkoz\u00f3 b\u00e1rmely inform\u00e1ci\u00f3; azonos\u00edthat\u00f3 az a term\u00e9szetes szem\u00e9ly, aki k\u00f6zvetlen vagy k\u00f6zvetett m\u00f3don, k\u00fcl\u00f6n\u00f6sen valamely azonos\u00edt\u00f3, p\u00e9ld\u00e1ul n\u00e9v, sz\u00e1m, helymeghat\u00e1roz\u00f3 adat, online azonos\u00edt\u00f3 vagy a term\u00e9szetes szem\u00e9ly testi, fiziol\u00f3giai, genetikai, szellemi, gazdas\u00e1gi, kultur\u00e1lis vagy szoci\u00e1lis azonoss\u00e1g\u00e1ra vonatkoz\u00f3 egy vagy t\u00f6bb t\u00e9nyez\u0151 alapj\u00e1n azonos\u00edthat\u00f3;<\/li>\n<li>\u201eadatkezel\u00e9s\u201d: a szem\u00e9lyes adatokon vagy adat\u00e1llom\u00e1nyokon automatiz\u00e1lt vagy nem automatiz\u00e1lt m\u00f3don v\u00e9gzett b\u00e1rmely m\u0171velet vagy m\u0171veletek \u00f6sszess\u00e9ge, \u00edgy a gy\u0171jt\u00e9s, r\u00f6gz\u00edt\u00e9s, rendszerez\u00e9s, tagol\u00e1s, t\u00e1rol\u00e1s, \u00e1talak\u00edt\u00e1s vagy megv\u00e1ltoztat\u00e1s, lek\u00e9rdez\u00e9s, betekint\u00e9s, felhaszn\u00e1l\u00e1s, k\u00f6zl\u00e9s tov\u00e1bb\u00edt\u00e1s, terjeszt\u00e9s vagy egy\u00e9b m\u00f3don t\u00f6rt\u00e9n\u0151 hozz\u00e1f\u00e9rhet\u0151v\u00e9 t\u00e9tel \u00fatj\u00e1n, \u00f6sszehangol\u00e1s vagy \u00f6sszekapcsol\u00e1s, korl\u00e1toz\u00e1s, t\u00f6rl\u00e9s, illetve megsemmis\u00edt\u00e9s;<\/li>\n<li>\u201eadatkezel\u0151\u201d: az a term\u00e9szetes vagy jogi szem\u00e9ly, k\u00f6zhatalmi szerv, \u00fcgyn\u00f6ks\u00e9g vagy b\u00e1rmely egy\u00e9b szerv, amely a szem\u00e9lyes adatok kezel\u00e9s\u00e9nek c\u00e9ljait \u00e9s eszk\u00f6zeit \u00f6n\u00e1ll\u00f3an vagy m\u00e1sokkal egy\u00fctt meghat\u00e1rozza; ha az adatkezel\u00e9s c\u00e9ljait \u00e9s eszk\u00f6zeit az uni\u00f3s vagy a tag\u00e1llami jog hat\u00e1rozza meg, az adatkezel\u0151t vagy az adatkezel\u0151 kijel\u00f6l\u00e9s\u00e9re vonatkoz\u00f3 k\u00fcl\u00f6n\u00f6s szempontokat az uni\u00f3s vagy a tag\u00e1llami jog is meghat\u00e1rozhatja;<\/li>\n<li>\u201eadatfeldolgoz\u00f3\u201d: az a term\u00e9szetes vagy jogi szem\u00e9ly, k\u00f6zhatalmi szerv, \u00fcgyn\u00f6ks\u00e9g vagy b\u00e1rmely egy\u00e9b szerv, amely az adatkezel\u0151 nev\u00e9ben szem\u00e9lyes adatokat kezel;<\/li>\n<li>\u201ec\u00edmzett\u201d: az a term\u00e9szetes vagy jogi szem\u00e9ly, k\u00f6zhatalmi szerv, \u00fcgyn\u00f6ks\u00e9g vagy b\u00e1rmely egy\u00e9b szerv, akivel vagy amellyel a szem\u00e9lyes adatot k\u00f6zlik, f\u00fcggetlen\u00fcl att\u00f3l, hogy harmadik f\u00e9l-e. Azon k\u00f6zhatalmi szervek, amelyek egy egyedi vizsg\u00e1lat keret\u00e9ben az uni\u00f3s vagy a tag\u00e1llami joggal \u00f6sszhangban f\u00e9rhetnek hozz\u00e1 szem\u00e9lyes adatokhoz, nem min\u0151s\u00fclnek c\u00edmzettnek; az eml\u00edtett adatok e k\u00f6zhatalmi szervek \u00e1ltali kezel\u00e9se meg kell, hogy feleljen az adatkezel\u00e9s c\u00e9ljainak megfelel\u0151en az alkalmazand\u00f3 adatv\u00e9delmi szab\u00e1lyoknak;<\/li>\n<li>\u201eaz \u00e9rintett hozz\u00e1j\u00e1rul\u00e1sa\u201d: az \u00e9rintett akarat\u00e1nak \u00f6nk\u00e9ntes, konkr\u00e9t \u00e9s megfelel\u0151 t\u00e1j\u00e9koztat\u00e1son alapul\u00f3 \u00e9s egy\u00e9rtelm\u0171 kinyilv\u00e1n\u00edt\u00e1sa, amellyel az \u00e9rintett nyilatkozat vagy a meger\u0151s\u00edt\u00e9st f\u00e9lre\u00e9rthetetlen\u00fcl kifejez\u0151 cselekedet \u00fatj\u00e1n jelzi, hogy beleegyez\u00e9s\u00e9t adja az \u0151t \u00e9rint\u0151 szem\u00e9lyes adatok kezel\u00e9s\u00e9hez;<\/li>\n<li>\u201eadatv\u00e9delmi incidens\u201d: a biztons\u00e1g olyan s\u00e9r\u00fcl\u00e9se, amely a tov\u00e1bb\u00edtott, t\u00e1rolt vagy m\u00e1s m\u00f3don kezelt szem\u00e9lyes adatok v\u00e9letlen vagy jogellenes megsemmis\u00edt\u00e9s\u00e9t, elveszt\u00e9s\u00e9t, megv\u00e1ltoztat\u00e1s\u00e1t, jogosulatlan k\u00f6zl\u00e9s\u00e9t vagy az azokhoz val\u00f3 jogosulatlan hozz\u00e1f\u00e9r\u00e9st eredm\u00e9nyezi.<\/li>\n<li>\u201eharmadik f\u00e9l\u201c: olyan term\u00e9szetes vagy jogi szem\u00e9ly, illetvi jogi szem\u00e9lyis\u00e9ggel nem rendelkez\u0151 szervezet, aki vagy amely nem azonos az \u00e9rintettel, az Adatkezel\u0151vel vagy az adatfeldolgoz\u00f3val.<\/li>\n<li>\u201e\u00fcgyf\u00e9l\u201c: olyan \u00c9rintett, aki ig\u00e9nybe veszi az Adatkezel\u0151 valamely szolg\u00e1ltat\u00e1st.<\/li>\n<li>\u201efelhaszn\u00e1l\u00f3\u201c: minden olyan term\u00e9szetes szem\u00e9ly, aki az Adatkezel\u0151vel kapcsolatba l\u00e9p, weboldal\u00e1t megl\u00e1togatja.<\/li>\n<li>\u201eadattov\u00e1bb\u00edt\u00e1s\u201c: ha az adatot meghat\u00e1rozott harmadik szem\u00e9ly sz\u00e1m\u00e1ra hozz\u00e1f\u00e9rhet\u0151v\u00e9 teszik.<\/li>\n<li>\u201eadatt\u00f6rl\u00e9s\u201c: az adatok felismerhetetlenn\u00e9 t\u00e9tele oly m\u00f3don, hogy a\u00a0helyre\u00e1ll\u00edt\u00e1suk t\u00f6bb\u00e9 nem lehets\u00e9ges.<\/li>\n<\/ol>\n<h3><strong>A cookie-k haszn\u00e1lata<\/strong><\/h3>\n<p>Weboldalunkon \u00fagynevezett cookie-t haszn\u00e1lunk, hogy hat\u00e9konyabb\u00e1 tegy\u00fck az \u00d6n egy\u00e9ni honlap-haszn\u00e1lat\u00e1t. A cookie-k olyan azonos\u00edt\u00f3k, amelyeket web szerver\u00fcnk az \u00d6n sz\u00e1m\u00edt\u00f3g\u00e9p\u00e9nek k\u00fcldhet, hogy azonos\u00edtsa a honlapon tart\u00f3zkod\u00e1s alatt haszn\u00e1lt sz\u00e1m\u00edt\u00f3g\u00e9pet. A legt\u00f6bb b\u00f6ng\u00e9sz\u0151 az alapbe\u00e1ll\u00edt\u00e1s szerint automatikusan fogadja ezeket a cookie-kat. A cookie-k t\u00e1rol\u00e1sa kikapcsolhat\u00f3, ill. be\u00e1ll\u00edthat\u00f3 a b\u00f6ng\u00e9sz\u0151ben, hogy kapjon \u00e9rtes\u00edt\u00e9st, miel\u0151tt sz\u00e1m\u00edt\u00f3g\u00e9p\u00e9n egy cookie-t t\u00e1rolnak. Ha a cookie-kat nem csak az adott l\u00e1togat\u00e1s idej\u00e9re mentj\u00fck el, \u00e9s nem ker\u00fclnek ezt k\u00f6vet\u0151en automatikusan t\u00f6rl\u00e9sre, hanem a t\u00e1rol\u00e1s hosszabb id\u0151re sz\u00f3l, az \u00e9rintett cookie-k be\u00e1ll\u00edt\u00e1sakor err\u0151l \u00e9rtes\u00edtj\u00fck \u00d6nt.<\/p>\n<h5><strong>Munkamenet \/ \u00e1tmeneti cookie-k<\/strong><\/h5>\n<p>Ezek n\u00e9lk\u00fcl\u00f6zhetetlenek a weboldalunkon t\u00f6rt\u00e9n\u0151 navig\u00e1l\u00e1shoz, weboldalunk kulcsfontoss\u00e1g\u00fa funkci\u00f3inak m\u0171k\u00f6d\u00e9s\u00e9hez \u00e9s a v\u00e9dett tartalmak el\u00e9r\u00e9s\u00e9hez. Ezek a cookie-k az adatlapok kit\u00f6lt\u00e9s\u00e9hez sz\u00fcks\u00e9ges inform\u00e1ci\u00f3kat \u00e9s esetenk\u00e9nt az \u00d6n \u00e1ltal kiv\u00e1lasztott nyelvet t\u00e1rolj\u00e1k, \u00e9s nem gy\u0171jtenek \u00d6nr\u0151l olyan inform\u00e1ci\u00f3kat, melyekkel \u00d6nt azonos\u00edtani lehetne, melyeket marketing c\u00e9lj\u00e1b\u00f3l fel lehetne haszn\u00e1lni, vagy amelyek eml\u00e9kezn\u00e9nek arra, milyen m\u00e1s honlapokon j\u00e1rt. A honlap bez\u00e1r\u00e1sa ut\u00e1n e s\u00fctik automatikusan t\u00f6rl\u0151dnek \u00e9s a munkamenet lez\u00e1r\u00e1sra ker\u00fcl.<\/p>\n<h5><strong>Funkcion\u00e1lis cookie-k<\/strong><\/h5>\n<p>Ezek a cookie-k a felhaszn\u00e1l\u00f3i \u00e9lm\u00e9ny jav\u00edt\u00e1sa \u00e9rdek\u00e9ben \u00e9szlelik, hogy milyen eszk\u00f6zzel nyitotta meg a honlapunkat, megjegyzik az \u00d6n kor\u00e1bbi felhaszn\u00e1l\u00fci d\u00f6nt\u00e9seit (mint p\u00e9ld\u00e1ul a felhaszn\u00e1l\u00f3neve, jelszava, v\u00e1lasztott nyelv, r\u00e9gi\u00f3, bejelentkezett-e egy kor\u00e1bbi munkamenet sor\u00e1n, a sz\u00f6vegm\u00e9retben, bet\u0171t\u00edpusban vagy a honlap egy\u00e9b testre szabhat\u00f3 elem\u00e9ben \u00d6n \u00e1ltal v\u00e9grehajtott felhaszn\u00e1l\u00f3i v\u00e1ltoztat\u00e1sok), hogy ilyen m\u00f3don jobb \u00e9s szem\u00e9lyre szabottabb funkci\u00f3kat k\u00edn\u00e1lhassunk \u00d6nnek.<\/p>\n<p>Ezek a cookie-k nem k\u00f6vetik \u00d6nt nyomon m\u00e1s honlapokon folytatott tev\u00e9kenys\u00e9g\u00e9t \u00e9s nem haszn\u00e1ljuk azokat olyan c\u00e9lra, hogy hirdet\u00e9seket k\u00fcldj\u00fcnk \u00d6nnek m\u00e1s oldalakon kereszt\u00fcl.<\/p>\n<h5><strong>Analitika, elemz\u00e9s<\/strong><\/h5>\n<p>A weboldal a Google Inc. (\u201eGoogle\u201d) Google Analytics rendszer\u00e9t haszn\u00e1lja a l\u00e1togatotts\u00e1g\u00e1nak elemz\u00e9s\u00e9re. A Google Analytics rendszere \u00fan. \u201ecookie-kat\u201d \u2013 egyszer\u0171, r\u00f6vid, kism\u00e9ret\u0171 sz\u00f6veges f\u00e1jlokat \u2013 t\u00e1rol el az \u00d6n informatikai eszk\u00f6z\u00e9n \u00e9s ezek seg\u00edts\u00e9g\u00e9vel elemzi a weboldalunk l\u00e1togatotts\u00e1g\u00e1t, seg\u00edtve ezzel a weboldalunk fejleszt\u00e9s\u00e9t a felhaszn\u00e1l\u00f3i \u00e9lm\u00e9ny fokoz\u00e1sa \u00e9rdek\u00e9ben.<\/p>\n<p>A \u201ecookie-ban\u201d r\u00f6gz\u00edtett, weboldal l\u00e1togatotts\u00e1g\u00e1ra vonatkoz\u00f3 adatok (a l\u00e1togat\u00e1s id\u0151pontj\u00e1val \u00e9s az \u00d6n IP c\u00edm\u00e9vel egy\u00fctt) a Google USA szervereire ker\u00fclnek \u00e1tvitelre \u00e9s let\u00e1rol\u00e1sra. A Google arra haszn\u00e1lja ezeket az adatokat, hogy az \u00d6n honlap-l\u00e1togat\u00e1si szok\u00e1sait ki\u00e9rt\u00e9kelje, jelent\u00e9seket \u00e1ll\u00edtson \u00f6ssze ezekr\u0151l, valamint arra, hogy egy\u00e9b, a weboldallal \u00e9s az internet haszn\u00e1lat\u00e1val kapcsolatos szolg\u00e1ltat\u00e1sokat ny\u00fajtson.<\/p>\n<p>Azok a felhaszn\u00e1l\u00f3k, akik nem szeretn\u00e9k, hogy a Google Analytics jelent\u00e9st k\u00e9sz\u00edtsen a l\u00e1togat\u00e1sukr\u00f3l, telep\u00edthetik a Google Analytics letilt\u00f3 b\u00f6ng\u00e9sz\u0151b\u0151v\u00edtm\u00e9nyt. Ez a kieg\u00e9sz\u00edt\u0151 arra utas\u00edtja a Google Analytics JavaScript-szkriptjeit (ga.js, analytics.js, and dc.js), hogy ne k\u00fcldjenek l\u00e1togat\u00e1si inform\u00e1ci\u00f3t a Google sz\u00e1m\u00e1ra. Emellett azok a felhaszn\u00e1l\u00f3k, akik telep\u00edtett\u00e9k a letilt\u00f3 b\u00f6ng\u00e9sz\u0151b\u0151v\u00edtm\u00e9nyt, a tartalmi k\u00eds\u00e9rletekben sem vesznek r\u00e9szt.<\/p>\n<p>Ha le szeretn\u00e9 tiltani az Analytics webes tev\u00e9kenys\u00e9g\u00e9t, keresse fel a Google Analytics letilt\u00f3 oldal\u00e1t (http:\/\/tools.google.com\/dlpage\/gaoptout), \u00e9s telep\u00edtse a b\u0151v\u00edtm\u00e9nyt b\u00f6ng\u00e9sz\u0151j\u00e9hez. A b\u0151v\u00edtm\u00e9ny telep\u00edt\u00e9s\u00e9r\u0151l \u00e9s elt\u00e1vol\u00edt\u00e1s\u00e1r\u00f3l tov\u00e1bbi t\u00e1j\u00e9koztat\u00e1s\u00e9rt tekintse meg az adott b\u00f6ng\u00e9sz\u0151h\u00f6z tartoz\u00f3 s\u00fag\u00f3t.<\/p>\n<h5><strong>Harmadik f\u00e9lt\u0151l sz\u00e1rmaz\u00f3 cookie<\/strong><\/h5>\n<p>Honlapunkon id\u0151nk\u00e9nt k\u00fcls\u0151 webes szolg\u00e1ltat\u00e1sok seg\u00edts\u00e9g\u00e9vel jelen\u00edt\u00fcnk meg k\u00fcl\u00f6nf\u00e9le tartalmakat, mely n\u00e9h\u00e1ny olyan cookie t\u00e1rol\u00e1s\u00e1t eredm\u00e9nyezheti, melyeket nem mi fel\u00fcgyel\u00fcnk, \u00edgy \u00e9rtelemszer\u0171en nincs befoly\u00e1sunk arra, hogy ezek a weboldalak, illetve k\u00fcls\u0151 domainek milyen adatokat gy\u0171jtenek arr\u00f3l, hogy \u00d6n mik\u00e9nt haszn\u00e1lja ezeket a be\u00e1gyazott tartalmakat.<\/p>\n<h5><strong>Adatok gy\u0171jt\u00e9se<\/strong><\/h5>\n<p>Honlapunkat szem\u00e9lyes adatai felfed\u00e9se n\u00e9lk\u00fcl is haszn\u00e1lhatja. Honlapunk haszn\u00e1lat\u00e1nak nem felt\u00e9tele szem\u00e9lyes adatainak megad\u00e1sa, kiv\u00e9ve, ha ez sz\u00fcks\u00e9ges ahhoz, hogy saj\u00e1t k\u00e9r\u00e9s\u00e9re tov\u00e1bbi inform\u00e1ci\u00f3t tudjunk biztos\u00edtani \u00d6nnek. Amikor honlapunkat haszn\u00e1lja, a t\u00e1rhely szolg\u00e1ltat\u00f3 k\u00fcl\u00f6nb\u00f6z\u0151 biztons\u00e1gi okokb\u00f3l adatokat t\u00e1rolhat. Ilyen adat lehet az \u00d6n internet-szolg\u00e1ltat\u00f3j\u00e1nak neve, a honlap neve, \u00e9s az \u00d6n IP-c\u00edme. Ezek az adatok esetleg az \u00d6n azonos\u00edt\u00e1s\u00e1ra is alkalmasak lehetnek, de azokat nem haszn\u00e1ljuk fel ilyen c\u00e9lokra. Id\u0151r\u0151l id\u0151re statisztikai c\u00e9llal felhaszn\u00e1ljuk az adatokat, de minden egyes felhaszn\u00e1l\u00f3 n\u00e9vtelens\u00e9g\u00e9t megtartjuk, \u00edgy a szem\u00e9ly nem azonos\u00edthat\u00f3. Abban az esetben, ha szem\u00e9lyes adatait a BNPI-n bel\u00fcl m\u00e1sok rendelkez\u00e9s\u00e9re bocs\u00e1tjuk, hogy megkaphassa a k\u00e9rt inform\u00e1ci\u00f3kat, technikai \u00e9s szervezeti eszk\u00f6z\u00f6kkel biztos\u00edtjuk a megfelel\u0151 adatv\u00e9delmi el\u0151\u00edr\u00e1sok betart\u00e1s\u00e1t.<\/p>\n<p>Felh\u00edvjuk figyelm\u00e9t arra, hogy a Facebookos analitik\u00e1k, illetve b\u0151v\u00edtm\u00e9nyek haszn\u00e1latakor, az oldalak szolg\u00e1ltat\u00f3jak\u00e9nt nem ismerj\u00fck az \u00e1tvitt adatok tartalm\u00e1t, valamint azt, hogy ezeket a Facebook mik\u00e9nt haszn\u00e1lja. Erre vonatkoz\u00f3 tov\u00e1bbi inform\u00e1ci\u00f3kat a Facebook adatv\u00e9delmi nyilatkozat\u00e1ban tal\u00e1l.<\/p>\n<p>A megadott szem\u00e9lyes \u00e9s nem szem\u00e9lyes adatok t\u00f6bb csatorn\u00e1n haladva ker\u00fclhetnek tov\u00e1bb\u00edt\u00e1sra, elt\u00e9r\u0151 technol\u00f3giai szabv\u00e1nyok szerint. Ezek k\u00f6z\u00fcl a leggyakoribb az email, titkos\u00edtott \u00e9s a m\u00e1sik f\u00e9l szerint nem titkos\u00edtott, sz\u00e1ml\u00e1z\u00f3 program, illet\u0151en adathordoz\u00f3n kereszt\u00fcl.<\/p>\n<h3><strong>IV.\u00a0<\/strong><strong>Alapelvek az adatkezel\u00e9s sor\u00e1n<\/strong><\/h3>\n<p>Az \u00c9rintett \u00f6nk\u00e9ntes hozz\u00e1j\u00e1rul\u00e1sa, amit a kapcsolatfelv\u00e9tellel ad meg Adatkezel\u0151 sz\u00e1m\u00e1ra. [Rendelet 6. cikk (1) bekezd\u00e9s a) pont szerinti adatkezel\u00e9s]<\/p>\n<p>Az adatkezel\u00e9s id\u0151tartama: Szem\u00e9lyes adatait kiz\u00e1r\u00f3lag addig t\u00e1roljuk, am\u00edg ez az \u00d6n \u00e1ltal k\u00e9rt szolg\u00e1ltat\u00e1s biztos\u00edt\u00e1s\u00e1hoz sz\u00fcks\u00e9ges, vagy amennyi id\u0151re \u00d6n hozz\u00e1j\u00e1rul\u00e1s\u00e1ban enged\u00e9lyezte, ha a t\u00f6rv\u00e9ny m\u00e1sk\u00e9nt nem rendelkezik. Abban az esetben, ha az \u00d6n \u00e1ltal megadott szem\u00e9lyes adatok kezel\u00e9se az \u00d6n \u00e1ltal k\u00e9rt szolg\u00e1ltat\u00e1s teljes\u00edt\u00e9s\u00e9hez sz\u00fcks\u00e9ges, akkor a weboldal \u00fczemeltet\u0151je azok teljes\u00edt\u00e9s\u00e9ig, illetve a jogszab\u00e1lyban meghat\u00e1rozott ideig kezeli az \u00d6n szem\u00e9lyes adatait.<\/p>\n<p>A szem\u00e9lyes adatok:<\/p>\n<ol>\n<li>a) kezel\u00e9s\u00e9t jogszer\u0171en \u00e9s tisztess\u00e9gesen, valamint az \u00e9rintett sz\u00e1m\u00e1ra \u00e1tl\u00e1that\u00f3 m\u00f3don kell v\u00e9gezni;<\/li>\n<li>b) gy\u0171jt\u00e9se csak meghat\u00e1rozott, egy\u00e9rtelm\u0171 \u00e9s jogszer\u0171 c\u00e9lb\u00f3l t\u00f6rt\u00e9njen, \u00e9s azokat ne kezelj\u00e9k ezekkel a c\u00e9lokkal \u00f6ssze nem egyeztethet\u0151 m\u00f3don; a 89. cikk (1) bekezd\u00e9s\u00e9nek megfelel\u0151en nem min\u0151s\u00fcl az eredeti c\u00e9llal \u00f6ssze nem egyeztethet\u0151nek a k\u00f6z\u00e9rdek\u0171 archiv\u00e1l\u00e1s c\u00e9lj\u00e1b\u00f3l, tudom\u00e1nyos \u00e9s t\u00f6rt\u00e9nelmi kutat\u00e1si c\u00e9lb\u00f3l vagy statisztikai c\u00e9lb\u00f3l t\u00f6rt\u00e9n\u0151 tov\u00e1bbi adatkezel\u00e9s;<\/li>\n<li>c) az adatkezel\u00e9s c\u00e9ljai szempontj\u00e1b\u00f3l megfelel\u0151ek \u00e9s relev\u00e1nsak kell, hogy legyenek, \u00e9s a sz\u00fcks\u00e9gesre kell korl\u00e1toz\u00f3dniuk;<\/li>\n<li>d) pontosnak \u00e9s sz\u00fcks\u00e9g eset\u00e9n naprak\u00e9sznek kell lenni\u00fck; minden \u00e9szszer\u0171 int\u00e9zked\u00e9st meg kell tenni annak \u00e9rdek\u00e9ben, hogy az adatkezel\u00e9s c\u00e9ljai szempontj\u00e1b\u00f3l pontatlan szem\u00e9lyes adatokat halad\u00e9ktalanul t\u00f6r\u00f6lj\u00e9k vagy helyesb\u00edts\u00e9k;<\/li>\n<li>e) t\u00e1rol\u00e1s\u00e1nak olyan form\u00e1ban kell t\u00f6rt\u00e9nnie, amely az \u00e9rintettek azonos\u00edt\u00e1s\u00e1t csak a szem\u00e9lyes adatok kezel\u00e9se c\u00e9ljainak el\u00e9r\u00e9s\u00e9hez sz\u00fcks\u00e9ges ideig teszi lehet\u0151v\u00e9; a szem\u00e9lyes adatok enn\u00e9l hosszabb ideig t\u00f6rt\u00e9n\u0151 t\u00e1rol\u00e1s\u00e1ra csak akkor ker\u00fclhet sor, amennyiben a szem\u00e9lyes adatok kezel\u00e9s\u00e9re a 89. cikk (1) bekezd\u00e9s\u00e9nek megfelel\u0151en k\u00f6z\u00e9rdek\u0171 archiv\u00e1l\u00e1s c\u00e9lj\u00e1b\u00f3l, tudom\u00e1nyos \u00e9s t\u00f6rt\u00e9nelmi kutat\u00e1si c\u00e9lb\u00f3l vagy statisztikai c\u00e9lb\u00f3l ker\u00fcl majd sor, az e rendeletben az \u00e9rintettek jogainak \u00e9s szabads\u00e1gainak v\u00e9delme \u00e9rdek\u00e9ben el\u0151\u00edrt megfelel\u0151 technikai \u00e9s szervez\u00e9si int\u00e9zked\u00e9sek v\u00e9grehajt\u00e1s\u00e1ra is figyelemmel;<\/li>\n<li>f) kezel\u00e9s\u00e9t oly m\u00f3don kell v\u00e9gezni, hogy megfelel\u0151 technikai vagy szervez\u00e9si int\u00e9zked\u00e9sek alkalmaz\u00e1s\u00e1val biztos\u00edtva legyen a szem\u00e9lyes adatok megfelel\u0151 biztons\u00e1ga, az adatok jogosulatlan vagy jogellenes kezel\u00e9s\u00e9vel, v\u00e9letlen elveszt\u00e9s\u00e9vel, megsemmis\u00edt\u00e9s\u00e9vel vagy k\u00e1rosod\u00e1s\u00e1val szembeni v\u00e9delmet is ide\u00e9rtve.<\/li>\n<\/ol>\n<h3><strong>V.\u00a0<\/strong><strong>Adatkezel\u00e9s c\u00e9lja<\/strong><\/h3>\n<p>A Felhaszn\u00e1l\u00f3 d\u00f6nt\u00e9se alapj\u00e1n az Adatkezel\u0151 a Szolg\u00e1ltat\u00e1sok ig\u00e9nybev\u00e9tel\u00e9hez kapcsol\u00f3d\u00f3an kezelheti az al\u00e1bbi adatokat:<\/p>\n<ol>\n<li>N\u00e9v, c\u00e9g eset\u00e9n c\u00e9gn\u00e9v, illetve kapcsolattart\u00f3 neve<\/li>\n<li>lakc\u00edm, levelez\u00e9si c\u00edm, sz\u00e9khely c\u00edme<\/li>\n<li>e-mail c\u00edm<\/li>\n<li>telefonsz\u00e1m<\/li>\n<li>\u00e9rdekl\u0151d\u00e9si k\u00f6r<\/li>\n<li>rendszer inform\u00e1ci\u00f3k (IP c\u00edm, felbont\u00e1s, rendszer, ezen honlapon megtekintett oldalak statisztik\u00e1ja, viselked\u00e9si mint\u00e1zat)<\/li>\n<\/ol>\n<p>Az Adatkezel\u0151 \u00e1ltal folytatott adatkezel\u00e9sek c\u00e9lja:<\/p>\n<ol>\n<li>a Felhaszn\u00e1l\u00f3 azonos\u00edt\u00e1sa, a Felhaszn\u00e1l\u00f3val val\u00f3 kapcsolattart\u00e1s<\/li>\n<li>a Felhaszn\u00e1l\u00f3i jogosults\u00e1gok (a Felhaszn\u00e1l\u00f3 \u00e1ltal ig\u00e9nybe vehet\u0151 szolg\u00e1ltat\u00e1sok) azonos\u00edt\u00e1sa;<\/li>\n<li>egyedi felhaszn\u00e1l\u00f3i megkeres\u00e9sek kezel\u00e9se, int\u00e9z\u00e9se;<\/li>\n<li>statisztik\u00e1k, elemz\u00e9sek k\u00e9sz\u00edt\u00e9se;<\/li>\n<li>k\u00f6zvetlen \u00fczletszerz\u00e9si illetve marketing c\u00e9l\u00fa megkeres\u00e9s (pl. h\u00edrlev\u00e9l, eDM, stb.)<\/li>\n<li>Felhaszn\u00e1l\u00f3 \u00e1ltal gener\u00e1lt tartalmak (pl. hozz\u00e1sz\u00f3l\u00e1s, \u00e9rt\u00e9kel\u00e9s, chat, blog, f\u00f3rum stb.)<\/li>\n<li>k\u00f6zz\u00e9t\u00e9tel\u00e9hez t\u00e1rhely biztos\u00edt\u00e1sa;<\/li>\n<li>webshop szolg\u00e1ltat\u00e1s eset\u00e9n a felek k\u00f6z\u00f6tti szerz\u0151d\u00e9s l\u00e9trehoz\u00e1sa, tartalm\u00e1nak meghat\u00e1roz\u00e1sa, m\u00f3dos\u00edt\u00e1sa, teljes\u00edt\u00e9s\u00e9nek figyelemmel k\u00eds\u00e9r\u00e9se, a megrendelt term\u00e9k k\u00e9zbes\u00edt\u00e9se illetve a megrendelt szolg\u00e1ltat\u00e1s ig\u00e9nybev\u00e9tele, a v\u00e9tel\u00e1r sz\u00e1ml\u00e1z\u00e1sa, valamint az azzal kapcsolatos k\u00f6vetel\u00e9sek \u00e9rv\u00e9nyes\u00edt\u00e9se, a teljes\u00edt\u00e9s megfelel\u0151s\u00e9g\u00e9nek dokument\u00e1l\u00e1sa, a sz\u00e1mviteli k\u00f6telezetts\u00e9gek teljes\u00edt\u00e9se;<\/li>\n<li>az informatikai rendszer technikai fejleszt\u00e9se;<\/li>\n<li>a Felhaszn\u00e1l\u00f3k jogainak v\u00e9delme;<\/li>\n<li>az Adatkezel\u0151 jogos \u00e9rdekeinek \u00e9rv\u00e9nyes\u00edt\u00e9se<\/li>\n<\/ol>\n<h3><strong>VI.\u00a0<\/strong><strong>Adatkezel\u00e9sben \u00e9rintett c\u00e9gek<\/strong><\/h3>\n<p>A\u00a0Tulajdonos tev\u00e9kenys\u00e9ge sor\u00e1n az al\u00e1bbi c\u00e9gek \u00e9rintettek az adatkezel\u00e9sbe:<\/p>\n<ol>\n<li>WebSupport s.r.o (Star\u00e9 Grunty 12 &#8211; 841 04 Bratislava \u2013 Slovensko)<\/li>\n<li>22MEDIA s.r.o. (Tr\u017eni\u010dn\u00e9 n\u00e1mestie 4810 &#8211; Kom\u00e1rno, Slovakia)<\/li>\n<li>Google Inc.(1600 Amphitheatre Parkway, Mountain View, CA 94043, USA) \u00e9s az ebbe tartoz\u00f3 k\u00fcl\u00f6n szolg\u00e1ltat\u00e1sok<\/li>\n<li>Microsoft Corporation (One Microsoft Way, Redmond, WA 98052-7329)<\/li>\n<li>Apple inc. (One Apple Park WayCupertino, CA 95014)<\/li>\n<li>Facebook, Inc. (1601 Willow Road Menlo Park, CA 94025)<\/li>\n<\/ol>\n<p>F\u00fcggetlen\u00fcl a fentebb le\u00edrtakt\u00f3l el\u0151fordulhat, hogy Szolg\u00e1ltat\u00e1sok \u00fczemeltet\u00e9s\u00e9hez technikailag kapcsol\u00f3d\u00f3 szolg\u00e1ltat\u00f3, az Adatkezel\u0151 t\u00e1j\u00e9koztat\u00e1sa n\u00e9lk\u00fcl a honlapok valamelyik\u00e9n adatkezel\u00e9si tev\u00e9kenys\u00e9get folytat. Az ilyen tev\u00e9kenys\u00e9g nem min\u0151s\u00fcl az Adatkezel\u0151 \u00e1ltal folytatott Adatkezel\u00e9snek. Az Adatkezel\u0151 minden t\u0151le telhet\u0151t megtesz az ilyen adatkezel\u00e9sek megakad\u00e1lyoz\u00e1sa \u00e9s kisz\u0171r\u00e9se \u00e9rdek\u00e9ben.<\/p>\n<h3><strong>VII.\u00a0<\/strong><strong>Jogok \u00e9s jog\u00e9rv\u00e9nyes\u00edt\u00e9s m\u00f3dja<\/strong><\/h3>\n<p>\u00d6n jogosult a weboldal \u00fczemeltet\u0151je r\u00e9sz\u00e9re megadott szem\u00e9lyes adatainak helyesb\u00edt\u00e9s\u00e9t, m\u00f3dos\u00edt\u00e1s\u00e1t, t\u00f6rl\u00e9s\u00e9t k\u00e9rni, illetve az adatkezel\u00e9st b\u00e1rmikor megtiltani.<\/p>\n<p>Szem\u00e9lyes adatai j\u00f6v\u0151beni felhaszn\u00e1l\u00e1s\u00e1ra, kezel\u00e9s\u00e9re vonatkoz\u00f3 hozz\u00e1j\u00e1rul\u00e1s\u00e1t b\u00e1rmikor jogosult visszavonni. Ehhez csak egy levelet kell k\u00fcldenie a weboldalon tal\u00e1lhat\u00f3 kontakt email c\u00edmre. Amennyiben szem\u00e9lyes adataihoz f\u0171z\u0151d\u0151 jogait megs\u00e9rtik, \u00d6n jogosult az illet\u00e9kes b\u00edr\u00f3s\u00e1ghoz fordulni.<\/p>\n<p>A Felhaszn\u00e1l\u00f3 az Adatkezel\u00e9ssel kapcsolatos panasz\u00e1val k\u00f6zvetlen\u00fcl a Slovenskej obchodnej in\u0161pekcie (Szlov\u00e1k Kereskedelmi Fel\u00fcgyelet &#8211; P. O. BOX 29 Prievozsk\u00e1 32 827 99 Bratislava \u2013 www.soi.sk) illetve az Eur\u00f3pai Vitarendez\u0151i F\u00f3rumhoz fordulhat.<\/p>\n<p>A Felhaszn\u00e1l\u00f3 jogainak megs\u00e9rt\u00e9se eset\u00e9n b\u00edr\u00f3s\u00e1ghoz fordulhat. A per elb\u00edr\u00e1l\u00e1sa a t\u00f6rv\u00e9nysz\u00e9k hat\u00e1sk\u00f6r\u00e9be tartozik. A per \u2013 az \u00e9rintett v\u00e1laszt\u00e1sa szerint \u2013 az \u00e9rintett lak\u00f3helye vagy tart\u00f3zkod\u00e1si helye szerinti t\u00f6rv\u00e9nysz\u00e9k el\u0151tt is megind\u00edthat\u00f3. Az Adatkezel\u0151 k\u00e9r\u00e9sre a Felhaszn\u00e1l\u00f3t t\u00e1j\u00e9koztatja a jogorvoslat lehet\u0151s\u00e9g\u00e9r\u0151l \u00e9s eszk\u00f6zeir\u0151l.<\/p>\n","protected":false},"excerpt":{"rendered":"<p>A SZEM\u00c9LYES ADATOK V\u00c9DELM\u00c9RE \u00c9S A S\u00dcTIKRE VONATKOZ\u00d3 EL\u0150\u00cdR\u00c1SOK I.Bevezet\u00e9s A 22MEDIA s.r.o. (a tov\u00e1bbiakban: adatkezel\u0151) jelen Adatkezel\u00e9si t\u00e1j\u00e9koztat\u00f3 keret\u00e9n bel\u00fcl r\u00f6gz\u00edti az adatkezel\u00e9si elveket \u00e9s politik\u00e1t, melyet adatkezel\u0151k\u00e9nt a\u00a0t\u00e1rsas\u00e1g mag\u00e1ra n\u00e9zve k\u00f6telez\u0151 er\u0151vel ismer el. A\u00a0https:\/\/22media.sk\/\u00a0weboldalt m\u0171k\u00f6dtet\u0151 Adatkezel\u0151 az Adatkezel\u00e9si t\u00e1j\u00e9koztat\u00f3t az Eur\u00f3pai Parlament \u00e9s a\u00a0Tan\u00e1cs 2016\/679 Rendelete (\u00c1ltal\u00e1nos Adatv\u00e9delmi Rendelet vagy GDPR), az [&hellip;]<\/p>\n","protected":false},"author":1,"featured_media":0,"parent":0,"menu_order":0,"comment_status":"closed","ping_status":"open","template":"","meta":{"_acf_changed":false,"footnotes":""},"class_list":["post-3346","page","type-page","status-publish","hentry"],"acf":[],"_links":{"self":[{"href":"https:\/\/22media.sk\/hu\/wp-json\/wp\/v2\/pages\/3346","targetHints":{"allow":["GET"]}}],"collection":[{"href":"https:\/\/22media.sk\/hu\/wp-json\/wp\/v2\/pages"}],"about":[{"href":"https:\/\/22media.sk\/hu\/wp-json\/wp\/v2\/types\/page"}],"author":[{"embeddable":true,"href":"https:\/\/22media.sk\/hu\/wp-json\/wp\/v2\/users\/1"}],"replies":[{"embeddable":true,"href":"https:\/\/22media.sk\/hu\/wp-json\/wp\/v2\/comments?post=3346"}],"version-history":[{"count":0,"href":"https:\/\/22media.sk\/hu\/wp-json\/wp\/v2\/pages\/3346\/revisions"}],"wp:attachment":[{"href":"https:\/\/22media.sk\/hu\/wp-json\/wp\/v2\/media?parent=3346"}],"curies":[{"name":"wp","href":"https:\/\/api.w.org\/{rel}","templated":true}]}}